{"version":"1.0","provider_name":"Karate-Dojo Emmendingen e.V.","provider_url":"http:\/\/karatedojoemmendingen.de\/wp","author_name":"Karate-Dojo Emmendingen e.V.","author_url":"http:\/\/karatedojoemmendingen.de\/wp\/author\/kdebauer\/","title":"Elias B\u00fchler holt Bronze bei LM U21 | Karate-Dojo Emmendingen e.V.","type":"rich","width":600,"height":338,"html":"<blockquote class=\"wp-embedded-content\" data-secret=\"89qGzf47Va\"><a href=\"http:\/\/karatedojoemmendingen.de\/wp\/elias-buehler-holt-bronze-bei-lm-u21\/\">Elias B\u00fchler holt Bronze bei LM U21<\/a><\/blockquote><iframe sandbox=\"allow-scripts\" security=\"restricted\" src=\"http:\/\/karatedojoemmendingen.de\/wp\/elias-buehler-holt-bronze-bei-lm-u21\/embed\/#?secret=89qGzf47Va\" width=\"600\" height=\"338\" title=\"&#8222;Elias B\u00fchler holt Bronze bei LM U21&#8220; &#8212; Karate-Dojo Emmendingen e.V.\" data-secret=\"89qGzf47Va\" frameborder=\"0\" marginwidth=\"0\" marginheight=\"0\" scrolling=\"no\" class=\"wp-embedded-content\"><\/iframe><script type=\"text\/javascript\">\n\/*! This file is auto-generated *\/\n!function(c,d){\"use strict\";var e=!1,o=!1;if(d.querySelector)if(c.addEventListener)e=!0;if(c.wp=c.wp||{},c.wp.receiveEmbedMessage);else if(c.wp.receiveEmbedMessage=function(e){var t=e.data;if(!t);else if(!(t.secret||t.message||t.value));else if(\/[^a-zA-Z0-9]\/.test(t.secret));else{for(var r,s,a,i=d.querySelectorAll('iframe[data-secret=\"'+t.secret+'\"]'),n=d.querySelectorAll('blockquote[data-secret=\"'+t.secret+'\"]'),o=new RegExp(\"^https?:$\",\"i\"),l=0;l<n.length;l++)n[l].style.display=\"none\";for(l=0;l<i.length;l++)if(r=i[l],e.source!==r.contentWindow);else{if(r.removeAttribute(\"style\"),\"height\"===t.message){if(1e3<(s=parseInt(t.value,10)))s=1e3;else if(~~s<200)s=200;r.height=s}if(\"link\"===t.message)if(s=d.createElement(\"a\"),a=d.createElement(\"a\"),s.href=r.getAttribute(\"src\"),a.href=t.value,!o.test(a.protocol));else if(a.host===s.host)if(d.activeElement===r)c.top.location.href=t.value}}},e)c.addEventListener(\"message\",c.wp.receiveEmbedMessage,!1),d.addEventListener(\"DOMContentLoaded\",t,!1),c.addEventListener(\"load\",t,!1);function t(){if(o);else{o=!0;for(var e,t,r,s=-1!==navigator.appVersion.indexOf(\"MSIE 10\"),a=!!navigator.userAgent.match(\/Trident.*rv:11\\.\/),i=d.querySelectorAll(\"iframe.wp-embedded-content\"),n=0;n<i.length;n++){if(!(r=(t=i[n]).getAttribute(\"data-secret\")))r=Math.random().toString(36).substr(2,10),t.src+=\"#?secret=\"+r,t.setAttribute(\"data-secret\",r);if(s||a)(e=t.cloneNode(!0)).removeAttribute(\"security\"),t.parentNode.replaceChild(e,t);t.contentWindow.postMessage({message:\"ready\",secret:r},\"*\")}}}}(window,document);\n<\/script>\n","description":"Elias tatkr\u00e4ftig unterst\u00fctzt durch Bernd und die anderen beiden B\u00fchler Br\u00fcder (Joshua und Timon B\u00fchler) Elias B\u00fchler ging bei den Landesmeisterschaften U21 am 07.10.2023 f\u00fcr das Karate Dojo Emmendingen e.V. in der Disziplin Kata an den Start. Nach spannenden K\u00e4mpfen konnte er sich hier mit der verdienten Bronzemedaille und der erfolgreichen Qualifikation f\u00fcr die Deutschen [&hellip;]","thumbnail_url":"http:\/\/karatedojoemmendingen.de\/wp\/wp-content\/uploads\/2023\/10\/IMG_0068-scaled-e1697486647426-1024x838.jpg"}